{"id":35,"date":"2018-07-05T10:43:17","date_gmt":"2018-07-05T10:43:17","guid":{"rendered":"http:\/\/base.ergates-web.net\/?page_id=35"},"modified":"2023-11-22T11:05:43","modified_gmt":"2023-11-22T10:05:43","slug":"avis-legal","status":"publish","type":"page","link":"https:\/\/clicksfotoivideo.com\/ca\/avis-legal\/","title":{"rendered":"Av\u00eds legal"},"content":{"rendered":"\n<style type=\"text\/css\" data-created_by=\"avia_inline_auto\" id=\"style-css-av-113ir-584a3eda24df9f1edd85250bfc3bae2b\">\n.flex_column.av-113ir-584a3eda24df9f1edd85250bfc3bae2b{\nborder-radius:0px 0px 0px 0px;\npadding:0px 0px 0px 0px;\n}\n<\/style>\n<div  class='flex_column av-113ir-584a3eda24df9f1edd85250bfc3bae2b av_one_full  avia-builder-el-0  avia-builder-el-no-sibling  first flex_column_div av-zero-column-padding  '     ><p>\n<style type=\"text\/css\" data-created_by=\"avia_inline_auto\" id=\"style-css-av-jj8fsul7-8cf8fd80ca7474cad9fdc19f3cc60fa5\">\n#top .av-special-heading.av-jj8fsul7-8cf8fd80ca7474cad9fdc19f3cc60fa5{\npadding-bottom:10px;\n}\nbody .av-special-heading.av-jj8fsul7-8cf8fd80ca7474cad9fdc19f3cc60fa5 .av-special-heading-tag .heading-char{\nfont-size:25px;\n}\n.av-special-heading.av-jj8fsul7-8cf8fd80ca7474cad9fdc19f3cc60fa5 .av-subheading{\nfont-size:15px;\n}\n<\/style>\n<div  class='av-special-heading av-jj8fsul7-8cf8fd80ca7474cad9fdc19f3cc60fa5 av-special-heading-h1 blockquote modern-quote  avia-builder-el-1  el_before_av_textblock  avia-builder-el-first '><h1 class='av-special-heading-tag '  itemprop=\"headline\"  >Av\u00eds legal<\/h1><div class=\"special-heading-border\"><div class=\"special-heading-inner-border\"><\/div><\/div><\/div><br \/>\n<section  class='av_textblock_section av-jj8ft5xd-d3928188623af09bedd9d4b94cc72309 '   itemscope=\"itemscope\" itemtype=\"https:\/\/schema.org\/CreativeWork\" ><div class='avia_textblock'  itemprop=\"text\" ><h2>0. Identificaci\u00f3<\/h2>\n<p>Miquel Guillemas Sabata, en endavant L\u2019EMPRESA, en compliment de la Llei 34\/2002, de 11 de juliol, de Serveis de la Societat de la Informaci\u00f3 i de Comer\u00e7 Electr\u00f2nic, l&#8217;informa que:<\/p>\n<ul>\n<li>La seva denominaci\u00f3 social \u00e9s: Miquel Guillemas Sabata<\/li>\n<li>El seu nom comercial \u00e9s: ClicksFotoVideo<\/li>\n<li>El seu CIF \u00e9s: 39383557J<\/li>\n<li>El seu domicili social \u00e9s: c\/ Cal Faba s\/n, Saldes Barcelona 08697<\/li>\n<\/ul>\n<h2>1. Objecte<\/h2>\n<p>El present av\u00eds legal regula l&#8217;\u00fas i utilitzaci\u00f3 del present lloc web, del qual \u00e9s titular L\u2019EMPRESA<\/p>\n<p>La navegaci\u00f3 pel lloc web de L\u2019EMPRESA li atribueix la condici\u00f3 d&#8217;USUARI del mateix i comporta la seva acceptaci\u00f3 plena i sense reserves de totes i cadascuna de les condicions publicades en aquest av\u00eds legal, advertint que aquestes condicions poden ser modificades sense notificaci\u00f3 pr\u00e8via per part de L\u2019EMPRESA, en aquest cas es procedir\u00e0 a la seva publicaci\u00f3 i av\u00eds amb la m\u00e0xima antelaci\u00f3 possible.<\/p>\n<p>Per aix\u00f2 \u00e9s recomanable llegir amb atenci\u00f3 el contingut en cas de desitjar accedir i fer \u00fas de la informaci\u00f3 i dels serveis oferts des d&#8217;aquest lloc web.<\/p>\n<p>L&#8217;usuari a m\u00e9s, s&#8217;obliga a fer un \u00fas correcte del lloc web de conformitat amb les lleis, la bona fe, l&#8217;ordre p\u00fablic, els usos del tr\u00e0fic i el present Av\u00eds Legal, i respondr\u00e0 davant L\u2019EMPRESA o davant de tercers, de qualssevol danys i perjudicis que poguessin causar com a conseq\u00fc\u00e8ncia de l&#8217;incompliment d&#8217;aquesta obligaci\u00f3.<\/p>\n<p>Qualsevol utilitzaci\u00f3 diferent de l&#8217;autoritzada est\u00e0 expressament prohibida, i pot L\u2019EMPRESA denegar o retirar l&#8217;acc\u00e9s i el seu \u00fas en qualsevol moment.<\/p>\n<h2>2. Comunicacions<\/h2>\n<p>Per comunicar-se amb nosaltres, posem a la seva disposici\u00f3 diferents mitjans de contacte que detallem a continuaci\u00f3:<\/p>\n<ul>\n<li>Tel\u00e8fon<\/li>\n<li>Correu electr\u00f2nic<\/li>\n<\/ul>\n<p>Totes les notificacions i comunicacions entre els usuaris i L\u2019EMPRESA es consideraran efica\u00e7os, a tots els efectes, quan es realitzin a trav\u00e9s de qualsevol mitj\u00e0 dels citats anteriorment<\/p>\n<h2>3. Condicions d&#8217;acc\u00e9s i utilitzaci\u00f3<\/h2>\n<p>El lloc web i els seus serveis s\u00f3n d&#8217;acc\u00e9s lliure i gratu\u00eft. No obstant aix\u00f2, L\u2019EMPRESA pot alterar sense previ av\u00eds la utilitzaci\u00f3 d&#8217;alguns dels serveis oferts a la seva web.<\/p>\n<p>L&#8217;usuari garanteix l&#8217;autenticitat i actualitat de totes aquelles dades que comuniqui a L\u2019EMPRESA i ser\u00e0 l&#8217;\u00fanic responsable de les manifestacions falses o inexactes que realitzi.<\/p>\n<p>L&#8217;usuari es compromet expressament a fer un \u00fas adequat dels continguts i serveis d&#8217;L\u2019EMPRESA i a no emprar-los per, entre d&#8217;altres:<\/p>\n<ol>\n<li>Difondre continguts delictius, violents, pornogr\u00e0fics, racistes, xen\u00f2fobs, ofensius, d&#8217;apologia del terrorisme o, en general, contraris a la llei o a l&#8217;ordre p\u00fablic.<\/li>\n<li>Introduir a la xarxa virus inform\u00e0tics o realitzar actuacions susceptibles d&#8217;alterar, espatllar, interrompre o generar errors o danys en els documents electr\u00f2nics, dades o sistemes f\u00edsics i l\u00f2gics de L\u2019EMPRESAo de terceres persones; aix\u00ed com obstaculitzar l&#8217;acc\u00e9s d&#8217;altres usuaris al lloc web i als seus serveis mitjan\u00e7ant el consum massiu dels recursos inform\u00e0tics a trav\u00e9s dels quals L\u2019EMPRESApresta els seus serveis.<\/li>\n<li>Intentar accedir als comptes de correu electr\u00f2nic d&#8217;altres usuaris o a \u00e0rees restringides dels sistemes inform\u00e0tics de L\u2019EMPRESAo de tercers i, si s&#8217;escau, extreure informaci\u00f3.<\/li>\n<li>Vulnerar els drets de propietat intel\u00b7lectual o industrial, aix\u00ed com violar la confidencialitat de la informaci\u00f3 de L\u2019EMPRESAo de tercers.<\/li>\n<li>Suplantar la identitat de qualsevol altre usuari.<\/li>\n<li>Reproduir, copiar, distribuir o modificar els continguts, llevat que es compti amb l&#8217;autoritzaci\u00f3 del titular dels corresponents drets o aix\u00f2 resulti legalment perm\u00e8s.<\/li>\n<li>Demanar dades amb finalitat publicit\u00e0ria i de remetre publicitat de qualsevol classe i comunicacions amb fins de venda o altres de naturalesa comercial sense que hi hagi la pr\u00e8via sol\u00b7licitud o consentiment.<\/li>\n<\/ol>\n<p>Tots els continguts del lloc web, com ara textos, fotografies, gr\u00e0fics, imatges, icones, tecnologia, programari, aix\u00ed com el seu disseny gr\u00e0fic i codis font, constitueixen una obra i la propietat pertany a L\u2019EMPRESA, sense que puguin entendre cedits a l&#8217;usuari cap dels drets d&#8217;explotaci\u00f3 sobre els mateixos m\u00e9s enll\u00e0 de l&#8217;estrictament necessari per al correcte \u00fas del web.<\/p>\n<p>En definitiva, els usuaris que accedeixin a aquest lloc web poden visualitzar els continguts i efectuar, si escau, c\u00f2pies privades autoritzades sempre que els elements reprodu\u00efts no siguin cedits posteriorment a tercers, ni s&#8217;instal\u00b7lin a servidors connectats a xarxes, ni siguin objecte de cap tipus d&#8217;explotaci\u00f3.<\/p>\n<p>Aix\u00ed mateix, totes les marques, noms comercials o signes distintius de qualsevol classe que apareixen al lloc web s\u00f3n propietat de L\u2019EMPRESA, sense que pugui entendre que l&#8217;\u00fas o acc\u00e9s al mateix atribueixi a l&#8217;usuari cap dret sobre els mateixos.<\/p>\n<p>La distribuci\u00f3, modificaci\u00f3, cessi\u00f3 o comunicaci\u00f3 p\u00fablica dels continguts i qualsevol altre acte que no hagi estat expressament autoritzat pel titular dels drets d&#8217;explotaci\u00f3 queden prohibits.<\/p>\n<p>L&#8217;establiment d&#8217;un hiperenlla\u00e7 no implica en cap cas l&#8217;exist\u00e8ncia de relacions entre L\u2019EMPRESA i el propietari del lloc web en la qual s&#8217;estableixi, ni l&#8217;acceptaci\u00f3 i aprovaci\u00f3 per part de L\u2019EMPRESA dels seus continguts o serveis.<\/p>\n<p>L\u2019EMPRESA no es responsabilitza de l&#8217;\u00fas que cada usuari li doni als materials posats a disposici\u00f3 en aquest lloc web ni de les actuacions que realitzi en base als mateixos.<\/p>\n<h3>3.1 Exclusi\u00f3 de garanties i de responsabilitat en l&#8217;acc\u00e9s i la utilitzaci\u00f3<\/h3>\n<p>El contingut del present lloc web \u00e9s de car\u00e0cter general i t\u00e9 una finalitat merament informativa, sense que es garanteixi plenament l&#8217;acc\u00e9s a tots els continguts, ni la seva exhaustivitat, correcci\u00f3, vig\u00e8ncia o actualitat, ni la seva idone\u00eftat o utilitat per a un objectiu espec\u00edfic.<\/p>\n<p>L\u2019EMPRESA exclou, fins on permet l&#8217;ordenament jur\u00eddic, qualsevol responsabilitat pels danys i perjudicis de tota naturalesa derivats de:<\/p>\n<ol>\n<li>La impossibilitat d&#8217;acc\u00e9s al lloc web o la falta de veracitat, exactitud, exhaustivitat i \/ o actualitat dels continguts, aix\u00ed com l&#8217;exist\u00e8ncia de vicis i defectes de tota classe dels continguts transmesos, difosos, emmagatzemats, posats a disposici\u00f3, als que s&#8217;hagi accedit a trav\u00e9s del lloc web o dels serveis que s&#8217;ofereixen.<\/li>\n<li>La pres\u00e8ncia de virus o d&#8217;altres elements en els continguts que puguin produir alteracions en els sistemes inform\u00e0tics, documents electr\u00f2nics o dades dels usuaris.<\/li>\n<li>L&#8217;incompliment de les lleis, la bona fe, l&#8217;ordre p\u00fablic, els usos del tr\u00e0fic i el present av\u00eds legal com a conseq\u00fc\u00e8ncia de l&#8217;\u00fas incorrecte del lloc web. En particular, i a manera d&#8217;exemple, L\u2019EMPRESAno es fa responsable de les actuacions de tercers que vulnerin drets de propietat intel\u00b7lectual i industrial, secrets empresarials, drets a l&#8217;honor, a la intimitat personal i familiar i a la pr\u00f2pia imatge, aix\u00ed com la normativa en mat\u00e8ria de compet\u00e8ncia deslleial i publicitat il\u00b7l\u00edcita.<\/li>\n<\/ol>\n<p>Aix\u00ed mateix, L\u2019EMPRESA declina qualsevol responsabilitat respecte a la informaci\u00f3 que es trobi fora d&#8217;aquesta web i no sigui gestionada directament pel nostre webmaster. La funci\u00f3 dels links externs que puguin apar\u00e8ixer en aquesta web \u00e9s exclusivament la d&#8217;informar l&#8217;usuari sobre l&#8217;exist\u00e8ncia d&#8217;altres fonts susceptibles d&#8217;ampliar els continguts que ofereix aquest lloc web. L\u2019EMPRESA no garanteix ni es responsabilitza del funcionament o accessibilitat dels llocs enlla\u00e7ats; ni suggereix, convida o recomana la visita als mateixos, de manera que tampoc ser\u00e0 responsable del resultat obtingut. L\u2019EMPRESA no es responsabilitza de l&#8217;establiment d&#8217;hipervincles per part de tercers.<\/p>\n<h3>3.2 Procediment en cas de realitzaci\u00f3 d&#8217;activitats de car\u00e0cter il\u00b7l\u00edcit<\/h3>\n<p>En el cas que qualsevol usuari o un tercer consideri que existeixen fets o circumst\u00e0ncies que revelin el car\u00e0cter il\u00b7l\u00edcit de la utilitzaci\u00f3 de qualsevol contingut i \/ o de la realitzaci\u00f3 de qualsevol activitat en les p\u00e0gines web incloses o accessibles a trav\u00e9s del lloc web, haur\u00e0 enviar una notificaci\u00f3 a L\u2019EMPRESA identificant-se degudament i especificant les suposades infraccions.<\/p>\n<h3>3.3 Publicacions<\/h3>\n<p>La informaci\u00f3 administrativa facilitada a trav\u00e9s del lloc web no substitueix la publicitat legal de les lleis, normatives, plans, disposicions generals i actes que hagin de ser publicats formalment als diaris oficials de les administracions p\u00fabliques, que constitueixen l&#8217;\u00fanic instrument que d\u00f3na fe de la seva autenticitat i contingut. La informaci\u00f3 disponible en aquest lloc web s&#8217;ha d&#8217;entendre com una guia sense prop\u00f2sit de validesa legal.<\/p>\n<h2>4. Legislaci\u00f3 aplicable<\/h2>\n<p>Les condicions presents es regiran per la legislaci\u00f3 espanyola vigent.<\/p>\n<p>La llengua utilitzada ser\u00e0 el Catal\u00e0.<\/p>\n<\/div><\/section><\/p><\/div>\n","protected":false},"excerpt":{"rendered":"","protected":false},"author":3,"featured_media":0,"parent":0,"menu_order":0,"comment_status":"closed","ping_status":"closed","template":"","meta":{"footnotes":""},"class_list":["post-35","page","type-page","status-publish","hentry"],"yoast_head":"<!-- This site is optimized with the Yoast SEO plugin v27.5 - https:\/\/yoast.com\/product\/yoast-seo-wordpress\/ -->\n<title>Informaci\u00f3 i av\u00eds legal del nostre lloc<\/title>\n<meta name=\"description\" content=\"Llegeix el nostre av\u00eds legal per entendre les condicions d&#039;\u00fas i la pol\u00edtica del lloc.\" \/>\n<meta name=\"robots\" content=\"index, follow, max-snippet:-1, max-image-preview:large, max-video-preview:-1\" \/>\n<link rel=\"canonical\" href=\"https:\/\/clicksfotoivideo.com\/ca\/avis-legal\/\" \/>\n<meta property=\"og:locale\" content=\"ca_ES\" \/>\n<meta property=\"og:type\" content=\"article\" \/>\n<meta property=\"og:title\" content=\"Informaci\u00f3 i av\u00eds legal del nostre lloc\" \/>\n<meta property=\"og:description\" content=\"Llegeix el nostre av\u00eds legal per entendre les condicions d&#039;\u00fas i la pol\u00edtica del lloc.\" \/>\n<meta property=\"og:url\" content=\"https:\/\/clicksfotoivideo.com\/ca\/avis-legal\/\" \/>\n<meta property=\"og:site_name\" content=\"Clicks Foto y V\u00eddeo\" \/>\n<meta property=\"article:modified_time\" content=\"2023-11-22T10:05:43+00:00\" \/>\n<meta name=\"twitter:card\" content=\"summary_large_image\" \/>\n<meta name=\"twitter:label1\" content=\"Temps estimat de lectura\" \/>\n\t<meta name=\"twitter:data1\" content=\"7 minuts\" \/>\n<script type=\"application\/ld+json\" class=\"yoast-schema-graph\">{\"@context\":\"https:\\\/\\\/schema.org\",\"@graph\":[{\"@type\":\"WebPage\",\"@id\":\"https:\\\/\\\/clicksfotoivideo.com\\\/ca\\\/avis-legal\\\/\",\"url\":\"https:\\\/\\\/clicksfotoivideo.com\\\/ca\\\/avis-legal\\\/\",\"name\":\"Informaci\u00f3 i av\u00eds legal del nostre lloc\",\"isPartOf\":{\"@id\":\"https:\\\/\\\/clicksfotoivideo.com\\\/ca\\\/#website\"},\"datePublished\":\"2018-07-05T10:43:17+00:00\",\"dateModified\":\"2023-11-22T10:05:43+00:00\",\"description\":\"Llegeix el nostre av\u00eds legal per entendre les condicions d'\u00fas i la pol\u00edtica del lloc.\",\"breadcrumb\":{\"@id\":\"https:\\\/\\\/clicksfotoivideo.com\\\/ca\\\/avis-legal\\\/#breadcrumb\"},\"inLanguage\":\"ca\",\"potentialAction\":[{\"@type\":\"ReadAction\",\"target\":[\"https:\\\/\\\/clicksfotoivideo.com\\\/ca\\\/avis-legal\\\/\"]}]},{\"@type\":\"BreadcrumbList\",\"@id\":\"https:\\\/\\\/clicksfotoivideo.com\\\/ca\\\/avis-legal\\\/#breadcrumb\",\"itemListElement\":[{\"@type\":\"ListItem\",\"position\":1,\"name\":\"Inici\",\"item\":\"https:\\\/\\\/clicksfotoivideo.com\\\/ca\\\/inici\\\/\"},{\"@type\":\"ListItem\",\"position\":2,\"name\":\"Av\u00eds legal\"}]},{\"@type\":\"WebSite\",\"@id\":\"https:\\\/\\\/clicksfotoivideo.com\\\/ca\\\/#website\",\"url\":\"https:\\\/\\\/clicksfotoivideo.com\\\/ca\\\/\",\"name\":\"Clicks Foto y V\u00eddeo\",\"description\":\"Tu boda perfecta con fot\u00f3grafos profesionales\",\"potentialAction\":[{\"@type\":\"SearchAction\",\"target\":{\"@type\":\"EntryPoint\",\"urlTemplate\":\"https:\\\/\\\/clicksfotoivideo.com\\\/ca\\\/?s={search_term_string}\"},\"query-input\":{\"@type\":\"PropertyValueSpecification\",\"valueRequired\":true,\"valueName\":\"search_term_string\"}}],\"inLanguage\":\"ca\"}]}<\/script>\n<!-- \/ Yoast SEO plugin. -->","yoast_head_json":{"title":"Informaci\u00f3 i av\u00eds legal del nostre lloc","description":"Llegeix el nostre av\u00eds legal per entendre les condicions d'\u00fas i la pol\u00edtica del lloc.","robots":{"index":"index","follow":"follow","max-snippet":"max-snippet:-1","max-image-preview":"max-image-preview:large","max-video-preview":"max-video-preview:-1"},"canonical":"https:\/\/clicksfotoivideo.com\/ca\/avis-legal\/","og_locale":"ca_ES","og_type":"article","og_title":"Informaci\u00f3 i av\u00eds legal del nostre lloc","og_description":"Llegeix el nostre av\u00eds legal per entendre les condicions d'\u00fas i la pol\u00edtica del lloc.","og_url":"https:\/\/clicksfotoivideo.com\/ca\/avis-legal\/","og_site_name":"Clicks Foto y V\u00eddeo","article_modified_time":"2023-11-22T10:05:43+00:00","twitter_card":"summary_large_image","twitter_misc":{"Temps estimat de lectura":"7 minuts"},"schema":{"@context":"https:\/\/schema.org","@graph":[{"@type":"WebPage","@id":"https:\/\/clicksfotoivideo.com\/ca\/avis-legal\/","url":"https:\/\/clicksfotoivideo.com\/ca\/avis-legal\/","name":"Informaci\u00f3 i av\u00eds legal del nostre lloc","isPartOf":{"@id":"https:\/\/clicksfotoivideo.com\/ca\/#website"},"datePublished":"2018-07-05T10:43:17+00:00","dateModified":"2023-11-22T10:05:43+00:00","description":"Llegeix el nostre av\u00eds legal per entendre les condicions d'\u00fas i la pol\u00edtica del lloc.","breadcrumb":{"@id":"https:\/\/clicksfotoivideo.com\/ca\/avis-legal\/#breadcrumb"},"inLanguage":"ca","potentialAction":[{"@type":"ReadAction","target":["https:\/\/clicksfotoivideo.com\/ca\/avis-legal\/"]}]},{"@type":"BreadcrumbList","@id":"https:\/\/clicksfotoivideo.com\/ca\/avis-legal\/#breadcrumb","itemListElement":[{"@type":"ListItem","position":1,"name":"Inici","item":"https:\/\/clicksfotoivideo.com\/ca\/inici\/"},{"@type":"ListItem","position":2,"name":"Av\u00eds legal"}]},{"@type":"WebSite","@id":"https:\/\/clicksfotoivideo.com\/ca\/#website","url":"https:\/\/clicksfotoivideo.com\/ca\/","name":"Clicks Foto y V\u00eddeo","description":"Tu boda perfecta con fot\u00f3grafos profesionales","potentialAction":[{"@type":"SearchAction","target":{"@type":"EntryPoint","urlTemplate":"https:\/\/clicksfotoivideo.com\/ca\/?s={search_term_string}"},"query-input":{"@type":"PropertyValueSpecification","valueRequired":true,"valueName":"search_term_string"}}],"inLanguage":"ca"}]}},"_links":{"self":[{"href":"https:\/\/clicksfotoivideo.com\/ca\/wp-json\/wp\/v2\/pages\/35","targetHints":{"allow":["GET"]}}],"collection":[{"href":"https:\/\/clicksfotoivideo.com\/ca\/wp-json\/wp\/v2\/pages"}],"about":[{"href":"https:\/\/clicksfotoivideo.com\/ca\/wp-json\/wp\/v2\/types\/page"}],"author":[{"embeddable":true,"href":"https:\/\/clicksfotoivideo.com\/ca\/wp-json\/wp\/v2\/users\/3"}],"replies":[{"embeddable":true,"href":"https:\/\/clicksfotoivideo.com\/ca\/wp-json\/wp\/v2\/comments?post=35"}],"version-history":[{"count":4,"href":"https:\/\/clicksfotoivideo.com\/ca\/wp-json\/wp\/v2\/pages\/35\/revisions"}],"predecessor-version":[{"id":745,"href":"https:\/\/clicksfotoivideo.com\/ca\/wp-json\/wp\/v2\/pages\/35\/revisions\/745"}],"wp:attachment":[{"href":"https:\/\/clicksfotoivideo.com\/ca\/wp-json\/wp\/v2\/media?parent=35"}],"curies":[{"name":"wp","href":"https:\/\/api.w.org\/{rel}","templated":true}]}}