{"id":682,"date":"2023-10-25T07:46:26","date_gmt":"2023-10-25T07:46:26","guid":{"rendered":"https:\/\/clicksfotoivideo.com\/familia\/"},"modified":"2024-06-12T11:10:46","modified_gmt":"2024-06-12T09:10:46","slug":"familia","status":"publish","type":"page","link":"https:\/\/clicksfotoivideo.com\/ca\/familia\/","title":{"rendered":"Fam\u00edlia"},"content":{"rendered":"\n<style type=\"text\/css\" data-created_by=\"avia_inline_auto\" id=\"style-css-av-lna7ohxj-d8d22b2877b11a6e31fa7269c6158978\">\n.avia-section.av-lna7ohxj-d8d22b2877b11a6e31fa7269c6158978{\nbackground-repeat:no-repeat;\nbackground-image:url(https:\/\/clicksfotoivideo.com\/wp-content\/uploads\/2023\/10\/clicks-foto-i-video-portfolio-02-1500x430.jpg);\nbackground-position:50% 0%;\nbackground-attachment:scroll;\n}\n.avia-section.av-lna7ohxj-d8d22b2877b11a6e31fa7269c6158978 .av-section-color-overlay{\nopacity:0.9;\nbackground-color:#0a0a0a;\n}\n<\/style>\n<div id='av_section_1'  class='avia-section av-lna7ohxj-d8d22b2877b11a6e31fa7269c6158978 main_color avia-section-default avia-no-border-styling  avia-builder-el-0  el_before_av_one_half  avia-builder-el-first  avia-full-stretch avia-bg-style-scroll av-section-color-overlay-active av-minimum-height av-minimum-height-20 av-height-percent  container_wrap fullsize'  data-section-bg-repeat='stretch' data-av_minimum_height_pc='20' data-av_min_height_opt='percent'><div class=\"av-section-color-overlay-wrap\"><div class=\"av-section-color-overlay\"><\/div><div class='container av-section-cont-open' ><main  role=\"main\" itemprop=\"mainContentOfPage\"  class='template-page content  av-content-full alpha units'><div class='post-entry post-entry-type-page post-entry-682'><div class='entry-content-wrapper clearfix'>\n\n<\/div><\/div><\/main><!-- close content main element --><\/div><\/div><\/div><div id='after_section_1'  class='main_color av_default_container_wrap container_wrap fullsize'  ><div class='container av-section-cont-open' ><div class='template-page content  av-content-full alpha units'><div class='post-entry post-entry-type-page post-entry-682'><div class='entry-content-wrapper clearfix'>\n<div  class='flex_column av-lna8u8l9-88ecbd93dd089a308a15ea2c21f23c6b av_one_half  avia-builder-el-2  el_after_av_section  el_before_av_one_half  avia-builder-el-first  first flex_column_div av-animated-generic bottom-to-top  '     ><p>\n<style type=\"text\/css\" data-created_by=\"avia_inline_auto\" id=\"style-css-av-lna8l6ks-37a92dba51f89ccee91a3a6fc9ce71a5\">\n#top .av-special-heading.av-lna8l6ks-37a92dba51f89ccee91a3a6fc9ce71a5{\npadding-bottom:10px;\n}\nbody .av-special-heading.av-lna8l6ks-37a92dba51f89ccee91a3a6fc9ce71a5 .av-special-heading-tag .heading-char{\nfont-size:25px;\n}\n.av-special-heading.av-lna8l6ks-37a92dba51f89ccee91a3a6fc9ce71a5 .av-subheading{\nfont-size:15px;\n}\n<\/style>\n<div  class='av-special-heading av-lna8l6ks-37a92dba51f89ccee91a3a6fc9ce71a5 av-special-heading-h1 blockquote modern-quote  avia-builder-el-3  el_before_av_textblock  avia-builder-el-first '><h1 class='av-special-heading-tag '  itemprop=\"headline\"  >Descobreix la M\u00e0gia dels Moments Familiars amb Clicks Foto i V\u00eddeo<\/h1><div class=\"special-heading-border\"><div class=\"special-heading-inner-border\"><\/div><\/div><\/div><br \/>\n<section  class='av_textblock_section av-lna8lg2p-c4b96227f014a2edb4607092d5cf6d40 '   itemscope=\"itemscope\" itemtype=\"https:\/\/schema.org\/CreativeWork\" ><div class='avia_textblock'  itemprop=\"text\" ><p>Sovint oblidem aturar-nos i apreciar els preciosos moments que compartim amb la nostra fam\u00edlia. Aquests moments, plens de rialles, abra\u00e7ades i complicitat, s\u00f3n els que realment donen sentit a les nostres vides. A Clicks Foto i V\u00eddeo, entenem la import\u00e0ncia de capturar aquests instants m\u00e0gics i convertir-los en records eterns.<\/p>\n<p>Oferim una varietat de serveis dissenyats per cobrir totes les necessitats de la teva fam\u00edlia:<\/p>\n<\/div><\/section><\/p><\/div>\n<div  class='flex_column av-lna8ugx5-c6bc40a85f4cac70cfce5d1b58198544 av_one_half  avia-builder-el-5  el_after_av_one_half  el_before_av_hr  flex_column_div av-animated-generic bottom-to-top  '     ><style type=\"text\/css\" data-created_by=\"avia_inline_auto\" id=\"style-css-av-lo5h362r-4945da328ec847f1f0070db721ff3d9c\">\n.avia-image-container.av-lo5h362r-4945da328ec847f1f0070db721ff3d9c img.avia_image{\nbox-shadow:none;\n}\n.avia-image-container.av-lo5h362r-4945da328ec847f1f0070db721ff3d9c .av-image-caption-overlay-center{\ncolor:#ffffff;\n}\n<\/style>\n<div  class='avia-image-container av-lo5h362r-4945da328ec847f1f0070db721ff3d9c av-styling- avia-align-center  avia-builder-el-6  avia-builder-el-no-sibling '   itemprop=\"image\" itemscope=\"itemscope\" itemtype=\"https:\/\/schema.org\/ImageObject\" ><div class=\"avia-image-container-inner\"><div class=\"avia-image-overlay-wrap\"><img decoding=\"async\" fetchpriority=\"high\" class='wp-image-579 avia-img-lazy-loading-not-579 avia_image ' src=\"https:\/\/clicksfotoivideo.com\/wp-content\/uploads\/2023\/11\/DSC00447-1030x687.jpg\" alt='' title='DSC00447'  height=\"687\" width=\"1030\"  itemprop=\"thumbnailUrl\" srcset=\"https:\/\/clicksfotoivideo.com\/wp-content\/uploads\/2023\/11\/DSC00447-1030x687.jpg 1030w, https:\/\/clicksfotoivideo.com\/wp-content\/uploads\/2023\/11\/DSC00447-300x200.jpg 300w, https:\/\/clicksfotoivideo.com\/wp-content\/uploads\/2023\/11\/DSC00447-768x512.jpg 768w, https:\/\/clicksfotoivideo.com\/wp-content\/uploads\/2023\/11\/DSC00447-1536x1025.jpg 1536w, https:\/\/clicksfotoivideo.com\/wp-content\/uploads\/2023\/11\/DSC00447-1500x1000.jpg 1500w, https:\/\/clicksfotoivideo.com\/wp-content\/uploads\/2023\/11\/DSC00447-705x470.jpg 705w, https:\/\/clicksfotoivideo.com\/wp-content\/uploads\/2023\/11\/DSC00447.jpg 2048w\" sizes=\"(max-width: 1030px) 100vw, 1030px\" \/><\/div><\/div><\/div><\/div>\n\n<style type=\"text\/css\" data-created_by=\"avia_inline_auto\" id=\"style-css-av-lxbkouc9-244d10f06e8bb9e87f3a762e1560f67e\">\n#top .hr.hr-invisible.av-lxbkouc9-244d10f06e8bb9e87f3a762e1560f67e{\nheight:35px;\n}\n<\/style>\n<div  class='hr av-lxbkouc9-244d10f06e8bb9e87f3a762e1560f67e hr-invisible  avia-builder-el-7  el_after_av_one_half  el_before_av_heading '><span class='hr-inner '><span class=\"hr-inner-style\"><\/span><\/span><\/div>\n\n<style type=\"text\/css\" data-created_by=\"avia_inline_auto\" id=\"style-css-av-lxbk8ywi-9f6483ef454d4d344aa413611f43d2e1\">\n#top .av-special-heading.av-lxbk8ywi-9f6483ef454d4d344aa413611f43d2e1{\npadding-bottom:25px;\n}\nbody .av-special-heading.av-lxbk8ywi-9f6483ef454d4d344aa413611f43d2e1 .av-special-heading-tag .heading-char{\nfont-size:25px;\n}\n.av-special-heading.av-lxbk8ywi-9f6483ef454d4d344aa413611f43d2e1 .av-subheading{\nfont-size:15px;\n}\n<\/style>\n<div  class='av-special-heading av-lxbk8ywi-9f6483ef454d4d344aa413611f43d2e1 av-special-heading-h2 blockquote modern-quote  avia-builder-el-8  el_after_av_hr  el_before_av_one_half '><h2 class='av-special-heading-tag '  itemprop=\"headline\"  >Els nostres serveis de fotografia i v\u00eddeo per a fam\u00edlies<\/h2><div class=\"special-heading-border\"><div class=\"special-heading-inner-border\"><\/div><\/div><\/div>\n<div  class='flex_column av-bmou5-195767138f9bea7feb96ee6d0483d606 av_one_half  avia-builder-el-9  el_after_av_heading  el_before_av_one_half  first flex_column_div  '     ><p>\n<style type=\"text\/css\" data-created_by=\"avia_inline_auto\" id=\"style-css-av-lxbk9mqz-8cf9a731a0fcab6a55bc1dd0189b9750\">\n#top .av-special-heading.av-lxbk9mqz-8cf9a731a0fcab6a55bc1dd0189b9750{\npadding-bottom:10px;\n}\nbody .av-special-heading.av-lxbk9mqz-8cf9a731a0fcab6a55bc1dd0189b9750 .av-special-heading-tag .heading-char{\nfont-size:25px;\n}\n.av-special-heading.av-lxbk9mqz-8cf9a731a0fcab6a55bc1dd0189b9750 .av-subheading{\nfont-size:15px;\n}\n<\/style>\n<div  class='av-special-heading av-lxbk9mqz-8cf9a731a0fcab6a55bc1dd0189b9750 av-special-heading-h3 blockquote modern-quote  avia-builder-el-10  el_before_av_textblock  avia-builder-el-first '><h3 class='av-special-heading-tag '  itemprop=\"headline\"  >Sessions fotogr\u00e0fiques familiars<\/h3><div class=\"special-heading-border\"><div class=\"special-heading-inner-border\"><\/div><\/div><\/div><br \/>\n<section  class='av_textblock_section av-lxbk9uwa-0fde51be873a175f61921055fa3181d1 '   itemscope=\"itemscope\" itemtype=\"https:\/\/schema.org\/CreativeWork\" ><div class='avia_textblock'  itemprop=\"text\" ><p>Capturem l&#8217;alegria, l&#8217;amor i la connexi\u00f3 entre els membres de la fam\u00edlia en entorns naturals o en estudi. Des de retrats formals fins a moments espontanis, cada sessi\u00f3 \u00e9s \u00fanica i personalitzada segons les teves prefer\u00e8ncies.<\/p>\n<\/div><\/section><br \/>\n\n<style type=\"text\/css\" data-created_by=\"avia_inline_auto\" id=\"style-css-av-lxbkaasb-d41b36be82465f2b0444ab30f84ea3f2\">\n#top .av-special-heading.av-lxbkaasb-d41b36be82465f2b0444ab30f84ea3f2{\npadding-bottom:10px;\n}\nbody .av-special-heading.av-lxbkaasb-d41b36be82465f2b0444ab30f84ea3f2 .av-special-heading-tag .heading-char{\nfont-size:25px;\n}\n.av-special-heading.av-lxbkaasb-d41b36be82465f2b0444ab30f84ea3f2 .av-subheading{\nfont-size:15px;\n}\n<\/style>\n<div  class='av-special-heading av-lxbkaasb-d41b36be82465f2b0444ab30f84ea3f2 av-special-heading-h3 blockquote modern-quote  avia-builder-el-12  el_after_av_textblock  el_before_av_textblock '><h3 class='av-special-heading-tag '  itemprop=\"headline\"  >Sessions fotogr\u00e0fiques infantils<\/h3><div class=\"special-heading-border\"><div class=\"special-heading-inner-border\"><\/div><\/div><\/div><br \/>\n<section  class='av_textblock_section av-lxbkan91-ae8486eb5619a45d4d73be0898f40bce '   itemscope=\"itemscope\" itemtype=\"https:\/\/schema.org\/CreativeWork\" ><div class='avia_textblock'  itemprop=\"text\" ><p>Captura el moment al nostre estudi oa un entorn natural per tenir un record dels teus fills. Ideals per a les postals de Nadal, aniversaris, batuts, comunions, etc.<\/p>\n<\/div><\/section><br \/>\n\n<style type=\"text\/css\" data-created_by=\"avia_inline_auto\" id=\"style-css-av-lxbkb4xe-c00e3a9cfdae380e65abed7d7123c379\">\n#top .av-special-heading.av-lxbkb4xe-c00e3a9cfdae380e65abed7d7123c379{\npadding-bottom:10px;\n}\nbody .av-special-heading.av-lxbkb4xe-c00e3a9cfdae380e65abed7d7123c379 .av-special-heading-tag .heading-char{\nfont-size:25px;\n}\n.av-special-heading.av-lxbkb4xe-c00e3a9cfdae380e65abed7d7123c379 .av-subheading{\nfont-size:15px;\n}\n<\/style>\n<div  class='av-special-heading av-lxbkb4xe-c00e3a9cfdae380e65abed7d7123c379 av-special-heading-h3 blockquote modern-quote  avia-builder-el-14  el_after_av_textblock  el_before_av_textblock '><h3 class='av-special-heading-tag '  itemprop=\"headline\"  >Reportatges de matern infantils<\/h3><div class=\"special-heading-border\"><div class=\"special-heading-inner-border\"><\/div><\/div><\/div><br \/>\n<section  class='av_textblock_section av-lxbkbgc3-22e6e4fe2927101ec77bc6db60b9f3a1 '   itemscope=\"itemscope\" itemtype=\"https:\/\/schema.org\/CreativeWork\" ><div class='avia_textblock'  itemprop=\"text\" ><p>Documentem moments especials a la vida del nou membre de la teva fam\u00edlia, ja sigui tot el proc\u00e9s de l&#8217;embar\u00e0s, passant per l&#8217;arribada del nounat, fins que el nad\u00f3 ja t\u00e9 1 any. No perdis l&#8217;oportunitat de recordar cada moment especial.<\/p>\n<\/div><\/section><\/p><\/div><div  class='flex_column av-av_one_half-7bd3f5cd863a6256abcb544d7c276d96 av_one_half  avia-builder-el-16  el_after_av_one_half  el_before_av_section  avia-builder-el-last  flex_column_div  '     ><p>\n<style type=\"text\/css\" data-created_by=\"avia_inline_auto\" id=\"style-css-av-av_heading-65dd275028e27215f3381f11109ead75\">\n#top .av-special-heading.av-av_heading-65dd275028e27215f3381f11109ead75{\npadding-bottom:10px;\n}\nbody .av-special-heading.av-av_heading-65dd275028e27215f3381f11109ead75 .av-special-heading-tag .heading-char{\nfont-size:25px;\n}\n.av-special-heading.av-av_heading-65dd275028e27215f3381f11109ead75 .av-subheading{\nfont-size:15px;\n}\n<\/style>\n<div  class='av-special-heading av-av_heading-65dd275028e27215f3381f11109ead75 av-special-heading-h3 blockquote modern-quote  avia-builder-el-17  el_before_av_textblock  avia-builder-el-first '><h3 class='av-special-heading-tag '  itemprop=\"headline\"  >\u00c0lbums fotogr\u00e0fics i v\u00eddeos familiars<\/h3><div class=\"special-heading-border\"><div class=\"special-heading-inner-border\"><\/div><\/div><\/div><br \/>\n<section  class='av_textblock_section av-av_textblock-263a286a3ec605a4b845ded44ee74c94 '   itemscope=\"itemscope\" itemtype=\"https:\/\/schema.org\/CreativeWork\" ><div class='avia_textblock'  itemprop=\"text\" ><p>Creem \u00e0lbums i v\u00eddeos emotius que et permeten reviure aquests moments una vegada i una altra. Des d&#8217;\u00e0lbums impresos fins a v\u00eddeos digitals, us ajudem a preservar els vostres records de forma tangible i duradora.<\/p>\n<\/div><\/section><br \/>\n\n<style type=\"text\/css\" data-created_by=\"avia_inline_auto\" id=\"style-css-av-av_heading-db4281471ebfd6bcb67ba0fb3541bc65\">\n#top .av-special-heading.av-av_heading-db4281471ebfd6bcb67ba0fb3541bc65{\npadding-bottom:10px;\n}\nbody .av-special-heading.av-av_heading-db4281471ebfd6bcb67ba0fb3541bc65 .av-special-heading-tag .heading-char{\nfont-size:25px;\n}\n.av-special-heading.av-av_heading-db4281471ebfd6bcb67ba0fb3541bc65 .av-subheading{\nfont-size:15px;\n}\n<\/style>\n<div  class='av-special-heading av-av_heading-db4281471ebfd6bcb67ba0fb3541bc65 av-special-heading-h3 blockquote modern-quote  avia-builder-el-19  el_after_av_textblock  el_before_av_textblock '><h3 class='av-special-heading-tag '  itemprop=\"headline\"  >Fotografia d\u2019esdeveniments familiars<\/h3><div class=\"special-heading-border\"><div class=\"special-heading-inner-border\"><\/div><\/div><\/div><br \/>\n<section  class='av_textblock_section av-av_textblock-263a286a3ec605a4b845ded44ee74c94 '   itemscope=\"itemscope\" itemtype=\"https:\/\/schema.org\/CreativeWork\" ><div class='avia_textblock'  itemprop=\"text\" ><p>Des de reunions familiars fins a celebracions especials, som aqu\u00ed per capturar cada detall i emoci\u00f3 dels teus esdeveniments familiars m\u00e9s importants.<\/p>\n<\/div><\/section><\/p><\/div><\/div><\/div><\/div><!-- close content main div --><\/div><\/div><div id='av_section_2'  class='avia-section av-uqsfx-af121a3b86181b01922470ec537d31d8 alternate_color avia-section-default avia-no-border-styling  avia-builder-el-21  el_after_av_one_half  el_before_av_section  avia-bg-style-scroll container_wrap fullsize'  ><div class='container av-section-cont-open' ><div class='template-page content  av-content-full alpha units'><div class='post-entry post-entry-type-page post-entry-682'><div class='entry-content-wrapper clearfix'>\n<div  class='flex_column av-oi8c5-d83558971d25c5d7afd66a82cffefb15 av_two_third  avia-builder-el-22  el_before_av_one_third  avia-builder-el-first  first flex_column_div  '     ><p>\n<style type=\"text\/css\" data-created_by=\"avia_inline_auto\" id=\"style-css-av-lxbkygqi-f275cee9f4839b5efee7bd85f22240ad\">\n#top .av-special-heading.av-lxbkygqi-f275cee9f4839b5efee7bd85f22240ad{\npadding-bottom:10px;\ncolor:#ffffff;\n}\nbody .av-special-heading.av-lxbkygqi-f275cee9f4839b5efee7bd85f22240ad .av-special-heading-tag .heading-char{\nfont-size:25px;\n}\n.av-special-heading.av-lxbkygqi-f275cee9f4839b5efee7bd85f22240ad .special-heading-inner-border{\nborder-color:#ffffff;\n}\n.av-special-heading.av-lxbkygqi-f275cee9f4839b5efee7bd85f22240ad .av-subheading{\nfont-size:15px;\n}\n<\/style>\n<div  class='av-special-heading av-lxbkygqi-f275cee9f4839b5efee7bd85f22240ad av-special-heading-h2 custom-color-heading blockquote modern-quote  avia-builder-el-23  el_before_av_textblock  avia-builder-el-first '><h2 class='av-special-heading-tag '  itemprop=\"headline\"  >Contacta\u2019ns Avui!<\/h2><div class=\"special-heading-border\"><div class=\"special-heading-inner-border\"><\/div><\/div><\/div><br \/>\n<section  class='av_textblock_section av-lcahh-1e71c2fbba5ae0a4bcaafa256163d413 '   itemscope=\"itemscope\" itemtype=\"https:\/\/schema.org\/CreativeWork\" ><div class='avia_textblock'  itemprop=\"text\" ><p>A Clicks Foto i V\u00eddeo, estem a punt per ser part de la teva hist\u00f2ria familiar. Permet-nos capturar aquests moments especials i convertir-los en records \u00fanics i inoblidables. Contacta&#8217;ns avui per reservar la teva sessi\u00f3 o per a m\u00e9s informaci\u00f3!<\/p>\n<\/div><\/section><\/p><\/div><div  class='flex_column av-h2m2t-c89b50a695369234a27a2a1991a85b9e av_one_third  avia-builder-el-25  el_after_av_two_third  avia-builder-el-last  flex_column_div  '     ><p>\n<style type=\"text\/css\" data-created_by=\"avia_inline_auto\" id=\"style-css-av-lxbl1a8p-57e9d69bfb1ca75110f6b5d33bcf1bfb\">\n#top .hr.hr-invisible.av-lxbl1a8p-57e9d69bfb1ca75110f6b5d33bcf1bfb{\nheight:55px;\n}\n<\/style>\n<div  class='hr av-lxbl1a8p-57e9d69bfb1ca75110f6b5d33bcf1bfb hr-invisible  avia-builder-el-26  el_before_av_button  avia-builder-el-first '><span class='hr-inner '><span class=\"hr-inner-style\"><\/span><\/span><\/div><br \/>\n<div  class='avia-button-wrap av-9n57x-a2b99e286cbaa4faa3b284fb3fd39375-wrap avia-button-center  avia-builder-el-27  el_after_av_hr  avia-builder-el-last '><a href='https:\/\/clicksfotoivideo.com\/ca\/avis-legal\/'  class='avia-button av-9n57x-a2b99e286cbaa4faa3b284fb3fd39375 av-link-btn avia-icon_select-yes-right-icon avia-size-x-large avia-position-center avia-color-theme-color'   aria-label=\"Contactar\"><span class='avia_iconbox_title' >Contactar<\/span><span class='avia_button_icon avia_button_icon_right avia-iconfont avia-font-entypo-fontello' data-av_icon='\ue88d' data-av_iconfont='entypo-fontello' ><\/span><\/a><\/div><\/p><\/div>\n<\/p>\n<\/div><\/div><\/div><!-- close content main div --><\/div><\/div>\n<style type=\"text\/css\" data-created_by=\"avia_inline_auto\" id=\"style-css-av-lnadd4zr-2b862c3825e5592d6484367351d2ff7a\">\n.avia-section.av-lnadd4zr-2b862c3825e5592d6484367351d2ff7a{\nbackground-repeat:no-repeat;\nbackground-image:url(https:\/\/clicksfotoivideo.com\/wp-content\/uploads\/2023\/11\/DSC3740-1.jpg);\nbackground-position:50% 50%;\nbackground-attachment:fixed;\n}\n<\/style>\n<div id='av_section_3'  class='avia-section av-lnadd4zr-2b862c3825e5592d6484367351d2ff7a main_color avia-section-default avia-no-border-styling  avia-builder-el-28  el_after_av_section  avia-builder-el-last  avia-full-stretch avia-bg-style-fixed av-minimum-height av-minimum-height-50 av-height-50  container_wrap fullsize'  data-section-bg-repeat='stretch' data-av_minimum_height_pc='50' data-av_min_height_opt='50'><div class='container av-section-cont-open' ><div class='template-page content  av-content-full alpha units'><div class='post-entry post-entry-type-page post-entry-682'><div class='entry-content-wrapper clearfix'>\n","protected":false},"excerpt":{"rendered":"","protected":false},"author":3,"featured_media":0,"parent":0,"menu_order":0,"comment_status":"closed","ping_status":"closed","template":"","meta":{"footnotes":""},"class_list":["post-682","page","type-page","status-publish","hentry"],"yoast_head":"<!-- This site is optimized with the Yoast SEO plugin v27.5 - https:\/\/yoast.com\/product\/yoast-seo-wordpress\/ -->\n<title>Sesiones fotogr\u00e1ficas familiares en Berga<\/title>\n<meta name=\"description\" content=\"Capturamos momentos \u00fanicos y entra\u00f1ables con fotograf\u00eda familiar de alta calidad. Preserva tus recuerdos m\u00e1s preciados con im\u00e1genes llenas de amor y autenticidad.\" \/>\n<meta name=\"robots\" content=\"index, follow, max-snippet:-1, max-image-preview:large, max-video-preview:-1\" \/>\n<link rel=\"canonical\" href=\"https:\/\/clicksfotoivideo.com\/ca\/familia\/\" \/>\n<meta property=\"og:locale\" content=\"ca_ES\" \/>\n<meta property=\"og:type\" content=\"article\" \/>\n<meta property=\"og:title\" content=\"Sesiones fotogr\u00e1ficas familiares en Berga\" \/>\n<meta property=\"og:description\" content=\"Capturamos momentos \u00fanicos y entra\u00f1ables con fotograf\u00eda familiar de alta calidad. Preserva tus recuerdos m\u00e1s preciados con im\u00e1genes llenas de amor y autenticidad.\" \/>\n<meta property=\"og:url\" content=\"https:\/\/clicksfotoivideo.com\/ca\/familia\/\" \/>\n<meta property=\"og:site_name\" content=\"Clicks Foto y V\u00eddeo\" \/>\n<meta property=\"article:modified_time\" content=\"2024-06-12T09:10:46+00:00\" \/>\n<meta name=\"twitter:card\" content=\"summary_large_image\" \/>\n<meta name=\"twitter:label1\" content=\"Temps estimat de lectura\" \/>\n\t<meta name=\"twitter:data1\" content=\"2 minuts\" \/>\n<script type=\"application\/ld+json\" class=\"yoast-schema-graph\">{\"@context\":\"https:\\\/\\\/schema.org\",\"@graph\":[{\"@type\":\"WebPage\",\"@id\":\"https:\\\/\\\/clicksfotoivideo.com\\\/ca\\\/familia\\\/\",\"url\":\"https:\\\/\\\/clicksfotoivideo.com\\\/ca\\\/familia\\\/\",\"name\":\"Sesiones fotogr\u00e1ficas familiares en Berga\",\"isPartOf\":{\"@id\":\"https:\\\/\\\/clicksfotoivideo.com\\\/ca\\\/#website\"},\"datePublished\":\"2023-10-25T07:46:26+00:00\",\"dateModified\":\"2024-06-12T09:10:46+00:00\",\"description\":\"Capturamos momentos \u00fanicos y entra\u00f1ables con fotograf\u00eda familiar de alta calidad. Preserva tus recuerdos m\u00e1s preciados con im\u00e1genes llenas de amor y autenticidad.\",\"breadcrumb\":{\"@id\":\"https:\\\/\\\/clicksfotoivideo.com\\\/ca\\\/familia\\\/#breadcrumb\"},\"inLanguage\":\"ca\",\"potentialAction\":[{\"@type\":\"ReadAction\",\"target\":[\"https:\\\/\\\/clicksfotoivideo.com\\\/ca\\\/familia\\\/\"]}]},{\"@type\":\"BreadcrumbList\",\"@id\":\"https:\\\/\\\/clicksfotoivideo.com\\\/ca\\\/familia\\\/#breadcrumb\",\"itemListElement\":[{\"@type\":\"ListItem\",\"position\":1,\"name\":\"Inici\",\"item\":\"https:\\\/\\\/clicksfotoivideo.com\\\/ca\\\/inici\\\/\"},{\"@type\":\"ListItem\",\"position\":2,\"name\":\"Fam\u00edlia\"}]},{\"@type\":\"WebSite\",\"@id\":\"https:\\\/\\\/clicksfotoivideo.com\\\/ca\\\/#website\",\"url\":\"https:\\\/\\\/clicksfotoivideo.com\\\/ca\\\/\",\"name\":\"Clicks Foto y V\u00eddeo\",\"description\":\"Tu boda perfecta con fot\u00f3grafos profesionales\",\"potentialAction\":[{\"@type\":\"SearchAction\",\"target\":{\"@type\":\"EntryPoint\",\"urlTemplate\":\"https:\\\/\\\/clicksfotoivideo.com\\\/ca\\\/?s={search_term_string}\"},\"query-input\":{\"@type\":\"PropertyValueSpecification\",\"valueRequired\":true,\"valueName\":\"search_term_string\"}}],\"inLanguage\":\"ca\"}]}<\/script>\n<!-- \/ Yoast SEO plugin. -->","yoast_head_json":{"title":"Sesiones fotogr\u00e1ficas familiares en Berga","description":"Capturamos momentos \u00fanicos y entra\u00f1ables con fotograf\u00eda familiar de alta calidad. Preserva tus recuerdos m\u00e1s preciados con im\u00e1genes llenas de amor y autenticidad.","robots":{"index":"index","follow":"follow","max-snippet":"max-snippet:-1","max-image-preview":"max-image-preview:large","max-video-preview":"max-video-preview:-1"},"canonical":"https:\/\/clicksfotoivideo.com\/ca\/familia\/","og_locale":"ca_ES","og_type":"article","og_title":"Sesiones fotogr\u00e1ficas familiares en Berga","og_description":"Capturamos momentos \u00fanicos y entra\u00f1ables con fotograf\u00eda familiar de alta calidad. Preserva tus recuerdos m\u00e1s preciados con im\u00e1genes llenas de amor y autenticidad.","og_url":"https:\/\/clicksfotoivideo.com\/ca\/familia\/","og_site_name":"Clicks Foto y V\u00eddeo","article_modified_time":"2024-06-12T09:10:46+00:00","twitter_card":"summary_large_image","twitter_misc":{"Temps estimat de lectura":"2 minuts"},"schema":{"@context":"https:\/\/schema.org","@graph":[{"@type":"WebPage","@id":"https:\/\/clicksfotoivideo.com\/ca\/familia\/","url":"https:\/\/clicksfotoivideo.com\/ca\/familia\/","name":"Sesiones fotogr\u00e1ficas familiares en Berga","isPartOf":{"@id":"https:\/\/clicksfotoivideo.com\/ca\/#website"},"datePublished":"2023-10-25T07:46:26+00:00","dateModified":"2024-06-12T09:10:46+00:00","description":"Capturamos momentos \u00fanicos y entra\u00f1ables con fotograf\u00eda familiar de alta calidad. Preserva tus recuerdos m\u00e1s preciados con im\u00e1genes llenas de amor y autenticidad.","breadcrumb":{"@id":"https:\/\/clicksfotoivideo.com\/ca\/familia\/#breadcrumb"},"inLanguage":"ca","potentialAction":[{"@type":"ReadAction","target":["https:\/\/clicksfotoivideo.com\/ca\/familia\/"]}]},{"@type":"BreadcrumbList","@id":"https:\/\/clicksfotoivideo.com\/ca\/familia\/#breadcrumb","itemListElement":[{"@type":"ListItem","position":1,"name":"Inici","item":"https:\/\/clicksfotoivideo.com\/ca\/inici\/"},{"@type":"ListItem","position":2,"name":"Fam\u00edlia"}]},{"@type":"WebSite","@id":"https:\/\/clicksfotoivideo.com\/ca\/#website","url":"https:\/\/clicksfotoivideo.com\/ca\/","name":"Clicks Foto y V\u00eddeo","description":"Tu boda perfecta con fot\u00f3grafos profesionales","potentialAction":[{"@type":"SearchAction","target":{"@type":"EntryPoint","urlTemplate":"https:\/\/clicksfotoivideo.com\/ca\/?s={search_term_string}"},"query-input":{"@type":"PropertyValueSpecification","valueRequired":true,"valueName":"search_term_string"}}],"inLanguage":"ca"}]}},"_links":{"self":[{"href":"https:\/\/clicksfotoivideo.com\/ca\/wp-json\/wp\/v2\/pages\/682","targetHints":{"allow":["GET"]}}],"collection":[{"href":"https:\/\/clicksfotoivideo.com\/ca\/wp-json\/wp\/v2\/pages"}],"about":[{"href":"https:\/\/clicksfotoivideo.com\/ca\/wp-json\/wp\/v2\/types\/page"}],"author":[{"embeddable":true,"href":"https:\/\/clicksfotoivideo.com\/ca\/wp-json\/wp\/v2\/users\/3"}],"replies":[{"embeddable":true,"href":"https:\/\/clicksfotoivideo.com\/ca\/wp-json\/wp\/v2\/comments?post=682"}],"version-history":[{"count":8,"href":"https:\/\/clicksfotoivideo.com\/ca\/wp-json\/wp\/v2\/pages\/682\/revisions"}],"predecessor-version":[{"id":1173,"href":"https:\/\/clicksfotoivideo.com\/ca\/wp-json\/wp\/v2\/pages\/682\/revisions\/1173"}],"wp:attachment":[{"href":"https:\/\/clicksfotoivideo.com\/ca\/wp-json\/wp\/v2\/media?parent=682"}],"curies":[{"name":"wp","href":"https:\/\/api.w.org\/{rel}","templated":true}]}}